{"id":976,"date":"2022-06-16T19:50:49","date_gmt":"2022-06-16T19:50:49","guid":{"rendered":"https:\/\/pcyti.izt.uam.mx\/posgrado\/?page_id=976"},"modified":"2022-07-12T15:01:36","modified_gmt":"2022-07-12T15:01:36","slug":"profesores-en-retiro-2","status":"publish","type":"page","link":"https:\/\/pcyti.izt.uam.mx\/?page_id=976","title":{"rendered":"Profesores en retiro"},"content":{"rendered":"\n<p style=\"align: left;\">Navegaci\u00f3n:\n  <a href=\"?page_id=514\">Planta acad\u00e9mica completa<\/a>\n  |\n  <a href=\"?page_id=749\">N\u00facleo acad\u00e9mico b\u00e1sico<\/a>\n  |\n  <a href=\"?page_id=756\">Comisi\u00f3n del posgrado<\/a>\n  |\n  <a href=\"?page_id=758\">Coordinaci\u00f3n del posgrado<\/a>\n  |\n  <a href=\"?page_id=762\">Colaboradores externos<\/a>\n  |\n  <a href=\"?page_id=976\">Profesores en ret\u00edro<\/a>\n<\/p>\n\n\n<div  class=\"ewd-upcp-catalog-div ewd-upcp-catalog-default\">\n\n\t\n\t\n\t\n\t<input type='hidden' name='catalog-id' value='766' \/>\n<input type='hidden' name='catalog-excluded-views' value='' \/>\n<input type='hidden' name='catalog-current-page' value='1' \/>\n<input type='hidden' name='catalog-max-page' value='1' \/>\n<input type='hidden' name='catalog-order-by' value='' \/>\n<input type='hidden' name='catalog-order' value='ASC' \/>\n<input type='hidden' name='catalog-product-per-page' value='100' \/>\n<input type='hidden' name='catalog-default-search-text' value='Buscar...' \/>\n<input type='hidden' name='catalog-base-url' value='https:\/\/pcyti.izt.uam.mx\/?page_id=976' \/>\n\t<div class='ewd-upcp-catalog-information'>\n\t\n\t\t\t\n\t\t<div class='ewd-upcp-catalog-information-name'>\n\n\t\t\t<h3>\n\t\t\t\tProfesores en ret\u00edro\t\t\t<\/h3>\n\n\t\t<\/div>\n\n\t\n\t\t\n\t\t<div class='ewd-upcp-catalog-information-description'>\n\t\t\t<!-- wp:paragraph -->\n<p>Profesores de la UAM que prestaron sus servicios en el Posgrado en Ciencias y Tecnolog\u00edas de la Informaci\u00f3n a nivel maestr\u00eda y doctorado.<\/p>\n<!-- \/wp:paragraph -->\t\t<\/div>\n\t\n\t\n<\/div>\n\t<div class='ewd-upcp-catalog-header-bar'>\n\t\n\t\n\t\t\n\t\t<div class='ewd-upcp-toggle-icon ewd-upcp-toggle-icon-blue' data-view='thumbnail'><span class=\"dashicons dashicons-grid-view\"><\/span><\/div>\n\n\t\n\t\t\n\t\t<div class='ewd-upcp-toggle-icon ewd-upcp-toggle-icon-blue' data-view='list'><span class=\"dashicons dashicons-list-view\"><\/span><\/div>\n\n\t\n\t\t\n\t\t<div class='ewd-upcp-toggle-icon ewd-upcp-toggle-icon-blue' data-view='detail'><span class=\"dashicons dashicons-excerpt-view\"><\/span><\/div>\n\n\t\n<\/div>\n\t\n\t<div class='ewd-upcp-sidebar-toggle'>\n\t\n\tFiltros\n<\/div>\n<div class='ewd-upcp-catalog-sidebar ewd-upcp-catalog-sidebar-checkbox-style-none  ewd-upcp-catalog-sidebar-hidden'>\n\n\t<div class='ewd-upcp-catalog-sidebar-clear-all ewd-upcp-hidden'>\n\n\tBorrar todo\n<\/div>\n\t<div class='ewd-upcp-catalog-sidebar-search'>\n\n\t<span>\n\t\tPerfil buscado\t<\/span>\n\n\t<div>\n\n\t\t<input type='text' name='ewd-upcp-search' placeholder='Buscar...' value=''>\n\t\n\t<\/div>\n\n<\/div><div class='ewd-upcp-catalog-sidebar-categories ewd-upcp-catalog-sidebar-hierarchical'>\n\n\t<div class='ewd-upcp-catalog-sidebar-title  '>\n\t\tL\u00edneas de generaci\u00f3n\t<\/div>\n\n\t<div>\n\n\t\t<div class='ewd-upcp-catalog-sidebar-content'>\n\n\t\t\t<div class='ewd-upcp-catalog-sidebar-category ' data-taxonomy_id='12'>\n\n\t\n\t<input type='checkbox' name='category' id='category-12' value='12'  >\n\n\t<label class='ewd-upcp-catalog-sidebar-taxonomy-label' for='category-12'> \n\n\t\t<span>Ciencias e Ingenier\u00eda de la computaci\u00f3n <span class='ewd-upcp-catalog-sidebar-taxonomy-count'> (1)<\/span><\/span>\n\t\n\t<\/label>\n\n\t\n\t<div class='ewd-upcp-taxonomy-description'>\n\n\t\n<\/div>\n<\/div><div class='ewd-upcp-catalog-sidebar-hierarchical-subcategories '>\n\n\t\n<\/div><div class='ewd-upcp-catalog-sidebar-category ' data-taxonomy_id='13'>\n\n\t\n\t<input type='checkbox' name='category' id='category-13' value='13'  >\n\n\t<label class='ewd-upcp-catalog-sidebar-taxonomy-label' for='category-13'> \n\n\t\t<span>Redes de comunicaciones <span class='ewd-upcp-catalog-sidebar-taxonomy-count'> (1)<\/span><\/span>\n\t\n\t<\/label>\n\n\t\n\t<div class='ewd-upcp-taxonomy-description'>\n\n\t\n<\/div>\n<\/div><div class='ewd-upcp-catalog-sidebar-hierarchical-subcategories '>\n\n\t\n<\/div>\n\t\t<\/div>\n\t\n\t<\/div>\n\n<\/div><div class='ewd-upcp-catalog-sidebar-tags'>\n\n\t<div class='ewd-upcp-catalog-sidebar-title  '>\n\t\tUnidad\t<\/div>\n\n\t<div>\n\n\t\t<div class='ewd-upcp-catalog-sidebar-content'>\n\n\t\t\t<div class='ewd-upcp-catalog-sidebar-tag ' data-taxonomy_id='15'>\n\n\t\n\t<input type='checkbox' name='tag' id='tag-15' value='15'  >\n\n\t<label class='ewd-upcp-catalog-sidebar-taxonomy-label' for='tag-15'> \n\n\t\t<span>UAM Iztapalapa <span class='ewd-upcp-catalog-sidebar-taxonomy-count'> (2)<\/span><\/span>\n\t\n\t<\/label>\n\n\t\n\t\n<\/div>\n\t\t<\/div>\n\t\n\t<\/div>\n\n<\/div>\n<\/div>\n\t<div class='ewd-upcp-catalog-display'>\n\n\t\t<div  class=\"ewd-upcp-catalog-view ewd-upcp-thumbnail-view ewd-upcp-thumbnail-four-columns\">\n\n\t<div id='ewd-upcp-catalog-product-thumbnail-1219'  class=\"ewd-upcp-catalog-product-div ewd-upcp-catalog-product-thumbnail\" data-product_id='1219'>\n\t\t\n\t<div class='ewd-upcp-catalog-product-thumbnail-image-div'>\n\n\t\t\n\t\t\n\t\t\n\t\t<a class='ewd-upcp-catalog-product-image' href='https:\/\/pcyti.izt.uam.mx\/?page_id=976&amp;singleproduct=1219' >\n\n\t<img decoding=\"async\" class=\"ewd-upcp-product-image\" src=\"https:\/\/pcyti.izt.uam.mx\/wp-content\/uploads\/2022\/06\/goddard-300x297.png\" alt=\"Dr. John Goddard Close-image\" \/>\n\t\n<\/a>\n\t<\/div>\n\n\t<div class='ewd-upcp-catalog-product-thumbnail-body-div'>\n\n\t\t\n\t\t<div class='ewd-upcp-catalog-product-thumbnail-title-and-price-div'>\n\n\t\t\t<div class='ewd-upcp-product-title-div'>\n\n\t<a class='ewd-upcp-product-title' href='https:\/\/pcyti.izt.uam.mx\/?page_id=976&amp;singleproduct=1219' >\n\n\t\tDr. John Goddard Close\t\n\t<\/a>\n\n<\/div>\n\t\t\t<div class='ewd-upcp-catalog-product-price' data-item_price=''>\n\n\t<span>\n\t\t\t<\/span>\n\n\t\n<\/div>\n\t\t<\/div>\n\n\t\t\n\t\t\n\t\t\n\t\t\t\t\n\t<\/div>\n\n\t\n<\/div><div id='ewd-upcp-catalog-product-thumbnail-1215'  class=\"ewd-upcp-catalog-product-div ewd-upcp-catalog-product-thumbnail\" data-product_id='1215'>\n\t\t\n\t<div class='ewd-upcp-catalog-product-thumbnail-image-div'>\n\n\t\t\n\t\t\n\t\t\n\t\t<a class='ewd-upcp-catalog-product-image' href='https:\/\/pcyti.izt.uam.mx\/?page_id=976&amp;singleproduct=1215' >\n\n\t<img decoding=\"async\" class=\"ewd-upcp-product-image\" src=\"https:\/\/pcyti.izt.uam.mx\/wp-content\/uploads\/2022\/06\/fausto-300x300.png\" alt=\"Dr. Fausto Marcos Casco S\u00e1nchez-image\" \/>\n\t\n<\/a>\n\t<\/div>\n\n\t<div class='ewd-upcp-catalog-product-thumbnail-body-div'>\n\n\t\t\n\t\t<div class='ewd-upcp-catalog-product-thumbnail-title-and-price-div'>\n\n\t\t\t<div class='ewd-upcp-product-title-div'>\n\n\t<a class='ewd-upcp-product-title' href='https:\/\/pcyti.izt.uam.mx\/?page_id=976&amp;singleproduct=1215' >\n\n\t\tDr. Fausto Marcos Casco S\u00e1nchez\t\n\t<\/a>\n\n<\/div>\n\t\t\t<div class='ewd-upcp-catalog-product-price' data-item_price=''>\n\n\t<span>\n\t\t\t<\/span>\n\n\t\n<\/div>\n\t\t<\/div>\n\n\t\t\n\t\t\n\t\t\n\t\t\t\t\n\t<\/div>\n\n\t\n<\/div>\n<\/div>\n\t\t<div  class=\"ewd-upcp-catalog-view ewd-upcp-list-view ewd-upcp-hidden ewd-upcp-thumbnail-four-columns\">\n\n\t<div id='ewd-upcp-catalog-product-list-1219'  class=\"ewd-upcp-catalog-product-div ewd-upcp-catalog-product-list\" data-product_id='1219'>\n\t\t\n\t\n\t<div class='ewd-upcp-product-title-div'>\n\n\t<a class='ewd-upcp-product-title' href='https:\/\/pcyti.izt.uam.mx\/?page_id=976&amp;singleproduct=1219' >\n\n\t\tDr. John Goddard Close\t\n\t<\/a>\n\n<\/div>\n\t<div class='ewd-upcp-catalog-product-price' data-item_price=''>\n\n\t<span>\n\t\t\t<\/span>\n\n\t\n<\/div>\n\t<div class='ewd-upcp-catalog-product-list-content ewd-upcp-hidden'>\n\n\t\t<div class='ewd-upcp-catalog-product-list-image-div'>\n\n\t\t\t\n\t\t\t\n\t\t\t\n\t\t\t<a class='ewd-upcp-catalog-product-image' href='https:\/\/pcyti.izt.uam.mx\/?page_id=976&amp;singleproduct=1219' >\n\n\t<img decoding=\"async\" class=\"ewd-upcp-product-image\" src=\"https:\/\/pcyti.izt.uam.mx\/wp-content\/uploads\/2022\/06\/goddard-300x297.png\" alt=\"Dr. John Goddard Close-image\" \/>\n\t\n<\/a>\n\t\t<\/div>\n\n\t\t<div class='ewd-upcp-catalog-product-list-body-div'>\n\n\t<div class='ewd-upcp-catalog-product-description'>\n\t\t<!-- wp:heading {\"level\":4} -->\n<h4>Perfil<\/h4>\n<!-- \/wp:heading -->\n\n<!-- wp:list -->\n<ul><li>Doctorado por la&nbsp;<a href=\"http:\/\/www.cam.ac.uk\/\" target=\"_blank\" rel=\"noreferrer noopener\">Universidad de Cambridge<\/a>, Inglaterra, en 1978<\/li><li>Profesor Titular C Tiempo Completo<\/li><li>SNI nivel I<\/li><li>Profesor PRODEP<\/li><li>Pertenece al \u00e1rea de investigaci\u00f3n en Optimizaci\u00f3n e Inteligencia Artificial (OIA)<\/li><\/ul>\n<!-- \/wp:list -->\n\n<!-- wp:heading {\"level\":4} -->\n<h4>Intereses de investigaci\u00f3n<\/h4>\n<!-- \/wp:heading -->\n\n<!-- wp:list -->\n<ul><li>Reconocimiento de patrones<\/li><li>Inteligencia artificial<\/li><li>An\u00e1lisis del habla<\/li><\/ul>\n<!-- \/wp:list -->\n\n<!-- wp:heading {\"level\":4} -->\n<h4>Actividad docente<\/h4>\n<!-- \/wp:heading -->\n\n<!-- wp:list -->\n<ul><li>Inteligencia artificial<\/li><li>Reconocimiento de patrones<\/li><\/ul>\n<!-- \/wp:list -->\n\n<!-- wp:heading {\"level\":4} -->\n<h4>Ubicaci\u00f3n<\/h4>\n<!-- \/wp:heading -->\n\n<!-- wp:paragraph -->\n<p><strong>Oficina:<\/strong>&nbsp;T-143<br><strong>Laboratorio:<\/strong>&nbsp;AT-212<br><strong>Tel\u00e9fono:&nbsp;<\/strong>(55)5 804 4600 ext. 1143<br><strong>E-mail:<\/strong> <a href=\"mailto:jgc@xanum.uam.mx\" target=\"_blank\" rel=\"noreferrer noopener\">jgc@xanum.uam.mx<\/a><a href=\"mailto:jgc@xanum.uam.mx\"><\/a><\/p>\n<!-- \/wp:paragraph -->\n\n<!-- wp:heading {\"level\":4} -->\n<h4>Semblanza<\/h4>\n<!-- \/wp:heading -->\n\n<!-- wp:paragraph -->\n<p>John C.H. Goddard recibi\u00f3 un B.Sc (1st Class Hons) de la Universidad de Londres, y un Ph.D en Matem\u00e1ticas de la Universidad de Cambridge. Es Profesor en el Departamento de Ingenier\u00ed\u00ada El\u00e9ctrica de la Universidad Aut\u00f3noma Metropolitana desde 1993. Sus intereses actuales incluyen reconocimiento de patrones, reconocimiento de emociones en habla, s\u00ed\u00adntesis del habla e inteligencia artificial. Tiene m\u00e1s de 100 trabajos publicados en revistas y memorias de congreso.<\/p>\n<!-- \/wp:paragraph -->\n\n<!-- wp:paragraph -->\n<p><strong>M\u00e1s informaci\u00f3n<\/strong><\/p>\n<!-- \/wp:paragraph -->\n\n<!-- wp:list -->\n<ul><li>Publicaciones<\/li><li><a rel=\"noreferrer noopener\" href=\"https:\/\/www.researchgate.net\/profile\/John_Goddard\" target=\"_blank\">ResearchGate<\/a><\/li><\/ul>\n<!-- \/wp:list -->\t<\/div>\n\n\t<div class='ewd-upcp-catalog-product-list-custom-fields'>\n\t\t\t<\/div>\n\n<\/div>\n\t\t\n\t\t\n\t\t\n\t\t\n\t<\/div>\n\n<\/div><div id='ewd-upcp-catalog-product-list-1215'  class=\"ewd-upcp-catalog-product-div ewd-upcp-catalog-product-list\" data-product_id='1215'>\n\t\t\n\t\n\t<div class='ewd-upcp-product-title-div'>\n\n\t<a class='ewd-upcp-product-title' href='https:\/\/pcyti.izt.uam.mx\/?page_id=976&amp;singleproduct=1215' >\n\n\t\tDr. Fausto Marcos Casco S\u00e1nchez\t\n\t<\/a>\n\n<\/div>\n\t<div class='ewd-upcp-catalog-product-price' data-item_price=''>\n\n\t<span>\n\t\t\t<\/span>\n\n\t\n<\/div>\n\t<div class='ewd-upcp-catalog-product-list-content ewd-upcp-hidden'>\n\n\t\t<div class='ewd-upcp-catalog-product-list-image-div'>\n\n\t\t\t\n\t\t\t\n\t\t\t\n\t\t\t<a class='ewd-upcp-catalog-product-image' href='https:\/\/pcyti.izt.uam.mx\/?page_id=976&amp;singleproduct=1215' >\n\n\t<img decoding=\"async\" class=\"ewd-upcp-product-image\" src=\"https:\/\/pcyti.izt.uam.mx\/wp-content\/uploads\/2022\/06\/fausto-300x300.png\" alt=\"Dr. Fausto Marcos Casco S\u00e1nchez-image\" \/>\n\t\n<\/a>\n\t\t<\/div>\n\n\t\t<div class='ewd-upcp-catalog-product-list-body-div'>\n\n\t<div class='ewd-upcp-catalog-product-description'>\n\t\t<!-- wp:heading {\"level\":4} -->\n<h4>Perfil<\/h4>\n<!-- \/wp:heading -->\n\n<!-- wp:list -->\n<ul><li>Doctorado por la&nbsp;<a href=\"http:\/\/www.izt.uam.mx\/\" target=\"_blank\" rel=\"noreferrer noopener\">Universidad Aut\u00f3noma Metropolitana (UAM), unidad Iztapalapa<\/a>, M\u00e9xico, en 1997<\/li><li>Profesor Titular C Tiempo Completo<\/li><li>Pertenece al \u00e1rea de investigaci\u00f3n en Redes y Telecomunicaciones (RyT)<\/li><\/ul>\n<!-- \/wp:list -->\n\n<!-- wp:heading {\"level\":4} -->\n<h4>Intereses de investigaci\u00f3n<\/h4>\n<!-- \/wp:heading -->\n\n<!-- wp:list -->\n<ul><li>Sistemas de comunicaci\u00f3n digital<\/li><li>Algoritmos para filtrado adaptable aplicado a las comunicaciones y dise\u00f1o de filtros digitales<\/li><\/ul>\n<!-- \/wp:list -->\n\n<!-- wp:heading {\"level\":4} -->\n<h4>Actividad docente<\/h4>\n<!-- \/wp:heading -->\n\n<!-- wp:list -->\n<ul><li>Comunicaciones Digitales<\/li><li>Comunicaciones Anal\u00f3gicas<\/li><\/ul>\n<!-- \/wp:list -->\n\n<!-- wp:heading {\"level\":4} -->\n<h4>Ubicaci\u00f3n<\/h4>\n<!-- \/wp:heading -->\n\n<!-- wp:paragraph -->\n<p><strong>Oficina:<\/strong>&nbsp;T-306<br><strong>Tel\u00e9fono:&nbsp;<\/strong>(55)5 804 4600 ext. 1306<br><strong>E-mail:<\/strong> <\/p>\n<!-- \/wp:paragraph -->\n\n<!-- wp:heading {\"level\":4} -->\n<h4>Perfil<\/h4>\n<!-- \/wp:heading -->\n\n<!-- wp:list -->\n<ul><li>Doctorado por la&nbsp;<a href=\"http:\/\/www.izt.uam.mx\/\" target=\"_blank\" rel=\"noreferrer noopener\">Universidad Aut\u00f3noma Metropolitana (UAM), unidad Iztapalapa<\/a>, M\u00e9xico, en 1997<\/li><li>Profesor Titular C Tiempo Completo<\/li><li>Pertenece al \u00e1rea de investigaci\u00f3n en Redes y Telecomunicaciones (RyT)<\/li><\/ul>\n<!-- \/wp:list -->\n\n<!-- wp:heading {\"level\":4} -->\n<h4>Intereses de investigaci\u00f3n<\/h4>\n<!-- \/wp:heading -->\n\n<!-- wp:list -->\n<ul><li>Sistemas de comunicaci\u00f3n digital<\/li><li>Algoritmos para filtrado adaptable aplicado a las comunicaciones y dise\u00f1o de filtros digitales<\/li><\/ul>\n<!-- \/wp:list -->\n\n<!-- wp:heading {\"level\":4} -->\n<h4>Actividad docente<\/h4>\n<!-- \/wp:heading -->\n\n<!-- wp:list -->\n<ul><li>Comunicaciones Digitales<\/li><li>Comunicaciones Anal\u00f3gicas<\/li><\/ul>\n<!-- \/wp:list -->\n\n<!-- wp:heading {\"level\":4} -->\n<h4>Ubicaci\u00f3n<\/h4>\n<!-- \/wp:heading -->\n\n<!-- wp:paragraph -->\n<p><strong>Oficina:<\/strong>&nbsp;T-306<br><strong>Tel\u00e9fono:&nbsp;<\/strong>(55)5 804 4600 ext. 1306<br><strong>E-mail:<\/strong> <a href=\"mailto:alfa@xanum.uam.mx\" target=\"_blank\" rel=\"noreferrer noopener\">alfa@xanum.uam.mx<\/a><a href=\"mailto:alfa@xanum.uam.mx\"><\/a><\/p>\n<!-- \/wp:paragraph -->\n\n<!-- wp:heading {\"level\":4} -->\n<h4>Semblanza<\/h4>\n<!-- \/wp:heading -->\n\n<!-- wp:paragraph -->\n<p>Fausto Marcos Casco S\u00e1nchez se gradu\u00f3 en 1974 como ingeniero en comunicaciones y electr\u00f3nica por la ESIME IPN. En 1976 obtuvo el grado de maestro en ciencias con especialidad en comunicaciones, por parte del CINVESTAV-IPN. En 1997 obtuvo el doctorado en ciencias (comunicaciones), por parte de la UAM-Iztapalapa.<\/p>\n<!-- \/wp:paragraph -->\n\n<!-- wp:paragraph -->\n<p>Como docente ha estado fuertemente vinculado con los programas de la licenciatura en Ingenier\u00ed\u00ada en Electr\u00f3nica , asi como con el posgrado en Ciencias y Tecnolog\u00ed\u00adas de la Informaci\u00f3n.<\/p>\n<!-- \/wp:paragraph -->\n\n<!-- wp:paragraph -->\n<p>En su actividad de investigaci\u00f3n y desarrollo trabaja en la aplicaci\u00f3n de algoritmos para filtrado adaptable para la eliminaci\u00f3n de interferencias en los sistemas de comunicaci\u00f3n digital.<\/p>\n<!-- \/wp:paragraph -->\n\n<!-- wp:paragraph -->\n<p><strong>M\u00e1s informaci\u00f3n<\/strong><\/p>\n<!-- \/wp:paragraph -->\n\n<!-- wp:list -->\n<ul><li>Publicaciones<\/li><li><a rel=\"noreferrer noopener\" href=\"https:\/\/www.researchgate.net\/researcher\/2089596675_Fausto_Casco_Sanchez\" target=\"_blank\">ResearchGate<\/a><\/li><\/ul>\n<!-- \/wp:list -->\t<\/div>\n\n\t<div class='ewd-upcp-catalog-product-list-custom-fields'>\n\t\t\t<\/div>\n\n<\/div>\n\t\t\n\t\t\n\t\t\n\t\t\n\t<\/div>\n\n<\/div>\n<\/div>\n\t\t<div  class=\"ewd-upcp-catalog-view ewd-upcp-detail-view ewd-upcp-hidden ewd-upcp-thumbnail-four-columns\">\n\n\t<div id='ewd-upcp-catalog-product-detail-1219'  class=\"ewd-upcp-catalog-product-div ewd-upcp-catalog-product-detail\" data-product_id='1219'>\n\t\t\n\t<div class='ewd-upcp-catalog-product-detail-image-div'>\n\n\t\t\n\t\t\n\t\t\n\t\t<a class='ewd-upcp-catalog-product-image' href='https:\/\/pcyti.izt.uam.mx\/?page_id=976&amp;singleproduct=1219' >\n\n\t<img decoding=\"async\" class=\"ewd-upcp-product-image\" src=\"https:\/\/pcyti.izt.uam.mx\/wp-content\/uploads\/2022\/06\/goddard-300x297.png\" alt=\"Dr. John Goddard Close-image\" \/>\n\t\n<\/a>\n\t<\/div>\n\n\t<div class='ewd-upcp-catalog-product-detail-mid-div'>\n\n\t\t\n\t\t<div class='ewd-upcp-product-title-div'>\n\n\t<a class='ewd-upcp-product-title' href='https:\/\/pcyti.izt.uam.mx\/?page_id=976&amp;singleproduct=1219' >\n\n\t\tDr. John Goddard Close\t\n\t<\/a>\n\n<\/div>\n\t\t<div class='ewd-upcp-catalog-product-detail-body-div'>\n\n\t<div class='ewd-upcp-catalog-product-description'>\n\t\t<span class='ewd-upcp-catalog-product-read-more'>\n\n\t<a href='https:\/\/pcyti.izt.uam.mx\/?page_id=976&amp;singleproduct=1219'>\n\n\t\tLeer m\u00e1s\n\t<\/a>\n\n<\/span>\t<\/div>\n\n<\/div>\n\t\t\n\t\t\n\t\t\n\t\t<div class='ewd-upcp-catalog-product-detail-custom-fields'>\n\n\t\t\t\t\n\t\t<\/div>\n\n\t<\/div>\n\n\t<div class='ewd-upcp-catalog-product-detail-end-div'>\n\n\t\t<div class='ewd-upcp-catalog-product-price' data-item_price=''>\n\n\t<span>\n\t\t\t<\/span>\n\n\t\n<\/div>\n\t\t\n\t<\/div>\n\n<\/div><div id='ewd-upcp-catalog-product-detail-1215'  class=\"ewd-upcp-catalog-product-div ewd-upcp-catalog-product-detail\" data-product_id='1215'>\n\t\t\n\t<div class='ewd-upcp-catalog-product-detail-image-div'>\n\n\t\t\n\t\t\n\t\t\n\t\t<a class='ewd-upcp-catalog-product-image' href='https:\/\/pcyti.izt.uam.mx\/?page_id=976&amp;singleproduct=1215' >\n\n\t<img decoding=\"async\" class=\"ewd-upcp-product-image\" src=\"https:\/\/pcyti.izt.uam.mx\/wp-content\/uploads\/2022\/06\/fausto-300x300.png\" alt=\"Dr. Fausto Marcos Casco S\u00e1nchez-image\" \/>\n\t\n<\/a>\n\t<\/div>\n\n\t<div class='ewd-upcp-catalog-product-detail-mid-div'>\n\n\t\t\n\t\t<div class='ewd-upcp-product-title-div'>\n\n\t<a class='ewd-upcp-product-title' href='https:\/\/pcyti.izt.uam.mx\/?page_id=976&amp;singleproduct=1215' >\n\n\t\tDr. Fausto Marcos Casco S\u00e1nchez\t\n\t<\/a>\n\n<\/div>\n\t\t<div class='ewd-upcp-catalog-product-detail-body-div'>\n\n\t<div class='ewd-upcp-catalog-product-description'>\n\t\t<span class='ewd-upcp-catalog-product-read-more'>\n\n\t<a href='https:\/\/pcyti.izt.uam.mx\/?page_id=976&amp;singleproduct=1215'>\n\n\t\tLeer m\u00e1s\n\t<\/a>\n\n<\/span>\t<\/div>\n\n<\/div>\n\t\t\n\t\t\n\t\t\n\t\t<div class='ewd-upcp-catalog-product-detail-custom-fields'>\n\n\t\t\t\t\n\t\t<\/div>\n\n\t<\/div>\n\n\t<div class='ewd-upcp-catalog-product-detail-end-div'>\n\n\t\t<div class='ewd-upcp-catalog-product-price' data-item_price=''>\n\n\t<span>\n\t\t\t<\/span>\n\n\t\n<\/div>\n\t\t\n\t<\/div>\n\n<\/div>\n<\/div>\n\t<\/div>\n\n\t\n<\/div>\n","protected":false},"excerpt":{"rendered":"<p>Navegaci\u00f3n: Planta acad\u00e9mica completa | N\u00facleo acad\u00e9mico b\u00e1sico | Comisi\u00f3n del posgrado | Coordinaci\u00f3n del posgrado | Colaboradores externos | Profesores en ret\u00edro<\/p>\n","protected":false},"author":2,"featured_media":0,"parent":0,"menu_order":0,"comment_status":"closed","ping_status":"closed","template":"page-fullwidth.php","meta":{"_lmt_disableupdate":"","_lmt_disable":"","footnotes":""},"class_list":["post-976","page","type-page","status-publish","hentry"],"yoast_head":"<!-- This site is optimized with the Yoast SEO plugin v27.2 - https:\/\/yoast.com\/product\/yoast-seo-wordpress\/ -->\n<title>Profesores en retiro - Posgrado en Ciencias y Tecnolog\u00edas de la Informaci\u00f3n<\/title>\n<meta name=\"robots\" content=\"index, follow, max-snippet:-1, max-image-preview:large, max-video-preview:-1\" \/>\n<link rel=\"canonical\" href=\"https:\/\/pcyti.izt.uam.mx\/?page_id=976\" \/>\n<meta property=\"og:locale\" content=\"es_MX\" \/>\n<meta property=\"og:type\" content=\"article\" \/>\n<meta property=\"og:title\" content=\"Profesores en retiro - Posgrado en Ciencias y Tecnolog\u00edas de la Informaci\u00f3n\" \/>\n<meta property=\"og:description\" content=\"Navegaci\u00f3n: Planta acad\u00e9mica completa | N\u00facleo acad\u00e9mico b\u00e1sico | Comisi\u00f3n del posgrado | Coordinaci\u00f3n del posgrado | Colaboradores externos | Profesores en ret\u00edro\" \/>\n<meta property=\"og:url\" content=\"https:\/\/pcyti.izt.uam.mx\/?page_id=976\" \/>\n<meta property=\"og:site_name\" content=\"Posgrado en Ciencias y Tecnolog\u00edas de la Informaci\u00f3n\" \/>\n<meta property=\"article:publisher\" content=\"https:\/\/www.facebook.com\/pcyti\/\" \/>\n<meta property=\"article:modified_time\" content=\"2022-07-12T15:01:36+00:00\" \/>\n<meta name=\"twitter:card\" content=\"summary_large_image\" \/>\n<script type=\"application\/ld+json\" class=\"yoast-schema-graph\">{\"@context\":\"https:\/\/schema.org\",\"@graph\":[{\"@type\":\"WebPage\",\"@id\":\"https:\/\/pcyti.izt.uam.mx\/?page_id=976\",\"url\":\"https:\/\/pcyti.izt.uam.mx\/?page_id=976\",\"name\":\"Profesores en retiro - Posgrado en Ciencias y Tecnolog\u00edas de la Informaci\u00f3n\",\"isPartOf\":{\"@id\":\"https:\/\/pcyti.izt.uam.mx\/#website\"},\"datePublished\":\"2022-06-16T19:50:49+00:00\",\"dateModified\":\"2022-07-12T15:01:36+00:00\",\"breadcrumb\":{\"@id\":\"https:\/\/pcyti.izt.uam.mx\/?page_id=976#breadcrumb\"},\"inLanguage\":\"es\",\"potentialAction\":[{\"@type\":\"ReadAction\",\"target\":[\"https:\/\/pcyti.izt.uam.mx\/?page_id=976\"]}]},{\"@type\":\"BreadcrumbList\",\"@id\":\"https:\/\/pcyti.izt.uam.mx\/?page_id=976#breadcrumb\",\"itemListElement\":[{\"@type\":\"ListItem\",\"position\":1,\"name\":\"Inicio\",\"item\":\"https:\/\/pcyti.izt.uam.mx\/\"},{\"@type\":\"ListItem\",\"position\":2,\"name\":\"Profesores en retiro\"}]},{\"@type\":\"WebSite\",\"@id\":\"https:\/\/pcyti.izt.uam.mx\/#website\",\"url\":\"https:\/\/pcyti.izt.uam.mx\/\",\"name\":\"Posgrado en Ciencias y Tecnolog\u00edas de la Informaci\u00f3n\",\"description\":\"\",\"publisher\":{\"@id\":\"https:\/\/pcyti.izt.uam.mx\/#organization\"},\"potentialAction\":[{\"@type\":\"SearchAction\",\"target\":{\"@type\":\"EntryPoint\",\"urlTemplate\":\"https:\/\/pcyti.izt.uam.mx\/?s={search_term_string}\"},\"query-input\":{\"@type\":\"PropertyValueSpecification\",\"valueRequired\":true,\"valueName\":\"search_term_string\"}}],\"inLanguage\":\"es\"},{\"@type\":\"Organization\",\"@id\":\"https:\/\/pcyti.izt.uam.mx\/#organization\",\"name\":\"Posgrado en Ciencias y Tecnolog\u00edas de la Informaci\u00f3n\",\"url\":\"https:\/\/pcyti.izt.uam.mx\/\",\"logo\":{\"@type\":\"ImageObject\",\"inLanguage\":\"es\",\"@id\":\"https:\/\/pcyti.izt.uam.mx\/#\/schema\/logo\/image\/\",\"url\":\"https:\/\/pcyti.izt.uam.mx\/wp-content\/uploads\/2021\/12\/logo_pcyti_small.png\",\"contentUrl\":\"https:\/\/pcyti.izt.uam.mx\/wp-content\/uploads\/2021\/12\/logo_pcyti_small.png\",\"width\":71,\"height\":100,\"caption\":\"Posgrado en Ciencias y Tecnolog\u00edas de la Informaci\u00f3n\"},\"image\":{\"@id\":\"https:\/\/pcyti.izt.uam.mx\/#\/schema\/logo\/image\/\"},\"sameAs\":[\"https:\/\/www.facebook.com\/pcyti\/\"]}]}<\/script>\n<!-- \/ Yoast SEO plugin. -->","yoast_head_json":{"title":"Profesores en retiro - Posgrado en Ciencias y Tecnolog\u00edas de la Informaci\u00f3n","robots":{"index":"index","follow":"follow","max-snippet":"max-snippet:-1","max-image-preview":"max-image-preview:large","max-video-preview":"max-video-preview:-1"},"canonical":"https:\/\/pcyti.izt.uam.mx\/?page_id=976","og_locale":"es_MX","og_type":"article","og_title":"Profesores en retiro - Posgrado en Ciencias y Tecnolog\u00edas de la Informaci\u00f3n","og_description":"Navegaci\u00f3n: Planta acad\u00e9mica completa | N\u00facleo acad\u00e9mico b\u00e1sico | Comisi\u00f3n del posgrado | Coordinaci\u00f3n del posgrado | Colaboradores externos | Profesores en ret\u00edro","og_url":"https:\/\/pcyti.izt.uam.mx\/?page_id=976","og_site_name":"Posgrado en Ciencias y Tecnolog\u00edas de la Informaci\u00f3n","article_publisher":"https:\/\/www.facebook.com\/pcyti\/","article_modified_time":"2022-07-12T15:01:36+00:00","twitter_card":"summary_large_image","schema":{"@context":"https:\/\/schema.org","@graph":[{"@type":"WebPage","@id":"https:\/\/pcyti.izt.uam.mx\/?page_id=976","url":"https:\/\/pcyti.izt.uam.mx\/?page_id=976","name":"Profesores en retiro - Posgrado en Ciencias y Tecnolog\u00edas de la Informaci\u00f3n","isPartOf":{"@id":"https:\/\/pcyti.izt.uam.mx\/#website"},"datePublished":"2022-06-16T19:50:49+00:00","dateModified":"2022-07-12T15:01:36+00:00","breadcrumb":{"@id":"https:\/\/pcyti.izt.uam.mx\/?page_id=976#breadcrumb"},"inLanguage":"es","potentialAction":[{"@type":"ReadAction","target":["https:\/\/pcyti.izt.uam.mx\/?page_id=976"]}]},{"@type":"BreadcrumbList","@id":"https:\/\/pcyti.izt.uam.mx\/?page_id=976#breadcrumb","itemListElement":[{"@type":"ListItem","position":1,"name":"Inicio","item":"https:\/\/pcyti.izt.uam.mx\/"},{"@type":"ListItem","position":2,"name":"Profesores en retiro"}]},{"@type":"WebSite","@id":"https:\/\/pcyti.izt.uam.mx\/#website","url":"https:\/\/pcyti.izt.uam.mx\/","name":"Posgrado en Ciencias y Tecnolog\u00edas de la Informaci\u00f3n","description":"","publisher":{"@id":"https:\/\/pcyti.izt.uam.mx\/#organization"},"potentialAction":[{"@type":"SearchAction","target":{"@type":"EntryPoint","urlTemplate":"https:\/\/pcyti.izt.uam.mx\/?s={search_term_string}"},"query-input":{"@type":"PropertyValueSpecification","valueRequired":true,"valueName":"search_term_string"}}],"inLanguage":"es"},{"@type":"Organization","@id":"https:\/\/pcyti.izt.uam.mx\/#organization","name":"Posgrado en Ciencias y Tecnolog\u00edas de la Informaci\u00f3n","url":"https:\/\/pcyti.izt.uam.mx\/","logo":{"@type":"ImageObject","inLanguage":"es","@id":"https:\/\/pcyti.izt.uam.mx\/#\/schema\/logo\/image\/","url":"https:\/\/pcyti.izt.uam.mx\/wp-content\/uploads\/2021\/12\/logo_pcyti_small.png","contentUrl":"https:\/\/pcyti.izt.uam.mx\/wp-content\/uploads\/2021\/12\/logo_pcyti_small.png","width":71,"height":100,"caption":"Posgrado en Ciencias y Tecnolog\u00edas de la Informaci\u00f3n"},"image":{"@id":"https:\/\/pcyti.izt.uam.mx\/#\/schema\/logo\/image\/"},"sameAs":["https:\/\/www.facebook.com\/pcyti\/"]}]}},"_links":{"self":[{"href":"https:\/\/pcyti.izt.uam.mx\/index.php?rest_route=\/wp\/v2\/pages\/976","targetHints":{"allow":["GET"]}}],"collection":[{"href":"https:\/\/pcyti.izt.uam.mx\/index.php?rest_route=\/wp\/v2\/pages"}],"about":[{"href":"https:\/\/pcyti.izt.uam.mx\/index.php?rest_route=\/wp\/v2\/types\/page"}],"author":[{"embeddable":true,"href":"https:\/\/pcyti.izt.uam.mx\/index.php?rest_route=\/wp\/v2\/users\/2"}],"replies":[{"embeddable":true,"href":"https:\/\/pcyti.izt.uam.mx\/index.php?rest_route=%2Fwp%2Fv2%2Fcomments&post=976"}],"version-history":[{"count":0,"href":"https:\/\/pcyti.izt.uam.mx\/index.php?rest_route=\/wp\/v2\/pages\/976\/revisions"}],"wp:attachment":[{"href":"https:\/\/pcyti.izt.uam.mx\/index.php?rest_route=%2Fwp%2Fv2%2Fmedia&parent=976"}],"curies":[{"name":"wp","href":"https:\/\/api.w.org\/{rel}","templated":true}]}}