{"id":758,"date":"2022-06-08T01:37:25","date_gmt":"2022-06-08T01:37:25","guid":{"rendered":"https:\/\/pcyti.izt.uam.mx\/posgrado\/?page_id=758"},"modified":"2022-06-16T19:55:13","modified_gmt":"2022-06-16T19:55:13","slug":"coordinacion-del-posgrado","status":"publish","type":"page","link":"https:\/\/pcyti.izt.uam.mx\/?page_id=758","title":{"rendered":"Coordinaci\u00f3n del Posgrado"},"content":{"rendered":"\n<p style=\"align: left;\">Navegaci\u00f3n:\n  <a href=\"?page_id=514\">Planta acad\u00e9mica completa<\/a>\n  |\n  <a href=\"?page_id=749\">N\u00facleo acad\u00e9mico b\u00e1sico<\/a>\n  |\n  <a href=\"?page_id=756\">Comisi\u00f3n del posgrado<\/a>\n  |\n  <a href=\"?page_id=758\">Coordinaci\u00f3n del posgrado<\/a>\n  |\n  <a href=\"?page_id=762\">Colaboradores externos<\/a>\n  |\n  <a href=\"?page_id=976\">Profesores en ret\u00edro<\/a>\n<\/p>\n\n\n<div  class=\"ewd-upcp-catalog-div ewd-upcp-catalog-default\">\n\n\t\n\t\n\t\n\t<input type='hidden' name='catalog-id' value='760' \/>\n<input type='hidden' name='catalog-excluded-views' value='' \/>\n<input type='hidden' name='catalog-current-page' value='1' \/>\n<input type='hidden' name='catalog-max-page' value='1' \/>\n<input type='hidden' name='catalog-order-by' value='' \/>\n<input type='hidden' name='catalog-order' value='ASC' \/>\n<input type='hidden' name='catalog-product-per-page' value='100' \/>\n<input type='hidden' name='catalog-default-search-text' value='Buscar...' \/>\n<input type='hidden' name='catalog-base-url' value='https:\/\/pcyti.izt.uam.mx\/?page_id=758' \/>\n\t<div class='ewd-upcp-catalog-information'>\n\t\n\t\t\t\n\t\t<div class='ewd-upcp-catalog-information-name'>\n\n\t\t\t<h3>\n\t\t\t\tCoordinador\t\t\t<\/h3>\n\n\t\t<\/div>\n\n\t\n\t\t\n\t\t<div class='ewd-upcp-catalog-information-description'>\n\t\t\t<!-- wp:paragraph -->\n<p>Compete al Coordinador de Estudios de Posgrado: coadyuvar con el dise\u00f1o y revisi\u00f3n de los anteproyectos de los planes y programas de estudio; determinar las necesidades de docencia para el desarrollo de los planes y programas de estudio; gestionar ante quien corresponda la soluci\u00f3n de las cuestiones que surjan respecto del desarrollo y operaci\u00f3n de los planes y programas de estudio; orientar a los alumnos en todo lo relacionado con las unidades de ense\u00f1anza-aprendizaje y con los planes y programas de estudio que coordinan, e informar sobre las condiciones, tiempo y lugar en que los profesores a cargo de las unidades de ense\u00f1anza-aprendizaje prestan asesor\u00eda; entre otras funciones.<\/p>\n<!-- \/wp:paragraph -->\t\t<\/div>\n\t\n\t\n<\/div>\n\t<div class='ewd-upcp-catalog-header-bar'>\n\t\n\t\n\t\t\n\t\t<div class='ewd-upcp-toggle-icon ewd-upcp-toggle-icon-blue' data-view='thumbnail'><span class=\"dashicons dashicons-grid-view\"><\/span><\/div>\n\n\t\n\t\t\n\t\t<div class='ewd-upcp-toggle-icon ewd-upcp-toggle-icon-blue' data-view='list'><span class=\"dashicons dashicons-list-view\"><\/span><\/div>\n\n\t\n\t\t\n\t\t<div class='ewd-upcp-toggle-icon ewd-upcp-toggle-icon-blue' data-view='detail'><span class=\"dashicons dashicons-excerpt-view\"><\/span><\/div>\n\n\t\n<\/div>\n\t\n\t<div class='ewd-upcp-sidebar-toggle'>\n\t\n\tFiltros\n<\/div>\n<div class='ewd-upcp-catalog-sidebar ewd-upcp-catalog-sidebar-checkbox-style-none  ewd-upcp-catalog-sidebar-hidden'>\n\n\t<div class='ewd-upcp-catalog-sidebar-clear-all ewd-upcp-hidden'>\n\n\tBorrar todo\n<\/div>\n\t<div class='ewd-upcp-catalog-sidebar-search'>\n\n\t<span>\n\t\tPerfil buscado\t<\/span>\n\n\t<div>\n\n\t\t<input type='text' name='ewd-upcp-search' placeholder='Buscar...' value=''>\n\t\n\t<\/div>\n\n<\/div><div class='ewd-upcp-catalog-sidebar-categories ewd-upcp-catalog-sidebar-hierarchical'>\n\n\t<div class='ewd-upcp-catalog-sidebar-title  '>\n\t\tL\u00edneas de generaci\u00f3n\t<\/div>\n\n\t<div>\n\n\t\t<div class='ewd-upcp-catalog-sidebar-content'>\n\n\t\t\t<div class='ewd-upcp-catalog-sidebar-category ' data-taxonomy_id='13'>\n\n\t\n\t<input type='checkbox' name='category' id='category-13' value='13'  >\n\n\t<label class='ewd-upcp-catalog-sidebar-taxonomy-label' for='category-13'> \n\n\t\t<span>Redes de comunicaciones <span class='ewd-upcp-catalog-sidebar-taxonomy-count'> (1)<\/span><\/span>\n\t\n\t<\/label>\n\n\t\n\t<div class='ewd-upcp-taxonomy-description'>\n\n\t\n<\/div>\n<\/div><div class='ewd-upcp-catalog-sidebar-hierarchical-subcategories '>\n\n\t\n<\/div>\n\t\t<\/div>\n\t\n\t<\/div>\n\n<\/div>\n<\/div>\n\t<div class='ewd-upcp-catalog-display'>\n\n\t\t<div  class=\"ewd-upcp-catalog-view ewd-upcp-thumbnail-view ewd-upcp-thumbnail-four-columns\">\n\n\t<div id='ewd-upcp-catalog-product-thumbnail-714'  class=\"ewd-upcp-catalog-product-div ewd-upcp-catalog-product-thumbnail\" data-product_id='714'>\n\t\t\n\t<div class='ewd-upcp-catalog-product-thumbnail-image-div'>\n\n\t\t\n\t\t\n\t\t\n\t\t<a class='ewd-upcp-catalog-product-image' href='https:\/\/pcyti.izt.uam.mx\/?page_id=758&amp;singleproduct=714' >\n\n\t<img decoding=\"async\" class=\"ewd-upcp-product-image\" src=\"https:\/\/pcyti.izt.uam.mx\/wp-content\/uploads\/ricardo-300x300.png\" alt=\"Dr. Ricardo Marcel\u00ed\u00adn Jim\u00e9nez-image\" \/>\n\t\n<\/a>\n\t<\/div>\n\n\t<div class='ewd-upcp-catalog-product-thumbnail-body-div'>\n\n\t\t\n\t\t<div class='ewd-upcp-catalog-product-thumbnail-title-and-price-div'>\n\n\t\t\t<div class='ewd-upcp-product-title-div'>\n\n\t<a class='ewd-upcp-product-title' href='https:\/\/pcyti.izt.uam.mx\/?page_id=758&amp;singleproduct=714' >\n\n\t\tDr. Ricardo Marcel\u00ed\u00adn Jim\u00e9nez\t\n\t<\/a>\n\n<\/div>\n\t\t\t<div class='ewd-upcp-catalog-product-price' data-item_price=''>\n\n\t<span>\n\t\t\t<\/span>\n\n\t\n<\/div>\n\t\t<\/div>\n\n\t\t\n\t\t\n\t\t\n\t\t\t\t\n\t<\/div>\n\n\t\n<\/div>\n<\/div>\n\t\t<div  class=\"ewd-upcp-catalog-view ewd-upcp-list-view ewd-upcp-hidden ewd-upcp-thumbnail-four-columns\">\n\n\t<div id='ewd-upcp-catalog-product-list-714'  class=\"ewd-upcp-catalog-product-div ewd-upcp-catalog-product-list\" data-product_id='714'>\n\t\t\n\t\n\t<div class='ewd-upcp-product-title-div'>\n\n\t<a class='ewd-upcp-product-title' href='https:\/\/pcyti.izt.uam.mx\/?page_id=758&amp;singleproduct=714' >\n\n\t\tDr. Ricardo Marcel\u00ed\u00adn Jim\u00e9nez\t\n\t<\/a>\n\n<\/div>\n\t<div class='ewd-upcp-catalog-product-price' data-item_price=''>\n\n\t<span>\n\t\t\t<\/span>\n\n\t\n<\/div>\n\t<div class='ewd-upcp-catalog-product-list-content ewd-upcp-hidden'>\n\n\t\t<div class='ewd-upcp-catalog-product-list-image-div'>\n\n\t\t\t\n\t\t\t\n\t\t\t\n\t\t\t<a class='ewd-upcp-catalog-product-image' href='https:\/\/pcyti.izt.uam.mx\/?page_id=758&amp;singleproduct=714' >\n\n\t<img decoding=\"async\" class=\"ewd-upcp-product-image\" src=\"https:\/\/pcyti.izt.uam.mx\/wp-content\/uploads\/ricardo-300x300.png\" alt=\"Dr. Ricardo Marcel\u00ed\u00adn Jim\u00e9nez-image\" \/>\n\t\n<\/a>\n\t\t<\/div>\n\n\t\t<div class='ewd-upcp-catalog-product-list-body-div'>\n\n\t<div class='ewd-upcp-catalog-product-description'>\n\t\t<!-- wp:heading {\"level\":4} -->\n<h4>Perfil<\/h4>\n<!-- \/wp:heading -->\n\n<!-- wp:list -->\n<ul><li>Doctorado por la&nbsp;<a href=\"http:\/\/www.unam.mx\/\" target=\"_blank\" rel=\"noreferrer noopener\">Universidad Nacional Aut\u00f3noma de M\u00e9xico (UNAM)<\/a>, M\u00e9xico, en 2004<\/li><li>Profesor Titular C Tiempo Completo<\/li><li>SNI nivel I<\/li><li>Profesor PRODEP<\/li><li>Pertenece al \u00e1rea de investigaci\u00f3n en Redes y Telecomunicaciones (RyT)<\/li><\/ul>\n<!-- \/wp:list -->\n\n<!-- wp:heading {\"level\":4} -->\n<h4>Intereses de investigaci\u00f3n<\/h4>\n<!-- \/wp:heading -->\n\n<!-- wp:list -->\n<ul><li>Sistemas distribuidos<\/li><li>Tolerancia a fallas<\/li><li>Almacenamiento masivo de datos<\/li><\/ul>\n<!-- \/wp:list -->\n\n<!-- wp:heading {\"level\":4} -->\n<h4>Actividad docente<\/h4>\n<!-- \/wp:heading -->\n\n<!-- wp:list -->\n<ul><li>Introducci\u00f3n a la programaci\u00f3n<\/li><li>Programaci\u00f3n Orientada a Objetos<\/li><li>Algoritmos distribuidos<\/li><li>Redes y Servicios de Telecomunicaciones<\/li><\/ul>\n<!-- \/wp:list -->\n\n<!-- wp:heading {\"level\":4} -->\n<h4>Ubicaci\u00f3n<\/h4>\n<!-- \/wp:heading -->\n\n<!-- wp:paragraph -->\n<p><strong>Oficina:<\/strong>\u00a0T-163<br><strong>Laboratorio:<\/strong>\u00a0T-326 Bis<br><strong>Tel\u00e9fono:\u00a0<\/strong>(55)5 804 4630<br><strong>E-mail:<\/strong> <a href=\"mailto:calu@xanum.uam.mx\" target=\"_blank\" rel=\"noreferrer noopener\">calu@xanum.uam.mx<\/a><a href=\"mailto:calu@xanum.uam.mx\"><\/a><\/p>\n<!-- \/wp:paragraph -->\n\n<!-- wp:heading {\"level\":4} -->\n<h4>Semblanza<\/h4>\n<!-- \/wp:heading -->\n\n<!-- wp:paragraph -->\n<p>Ricardo Marcel\u00ed\u00adn Jim\u00e9nez se gradu\u00f3 en 1987 como ingeniero en electr\u00f3nica por la UAM-Iztapalapa. En 1992 obtuvo el grado de maestro en ciencias con especialidad en computaci\u00f3n, por parte del CINVESTAV-IPN. En 2004 obtuvo el doctorado en ciencias (computaci\u00f3n), por parte de la UNAM.<\/p>\n<!-- \/wp:paragraph -->\n\n<!-- wp:paragraph -->\n<p>Como docente ha estado fuertemente vinculado con los programas de Licenciatura en Ingenier\u00ed\u00ada en Electr\u00f3nica y Licenciatura en Computaci\u00f3n, as\u00ed\u00ad como con el posgrado en Ciencias y Tecnolog\u00ed\u00adas de la Informaci\u00f3n, del que fue fundador y tambi\u00e9n coordinador.<\/p>\n<!-- \/wp:paragraph -->\n\n<!-- wp:paragraph -->\n<p>En su actividad de investigaci\u00f3n y desarrollo trabaja en la aplicaci\u00f3n de los algoritmos distribuidos en la soluci\u00f3n de algunos problemas de las redes de telecomunicaciones (WSN y P2P) y en la construcci\u00f3n de sistemas de almacenamiento masivo de datos.<\/p>\n<!-- \/wp:paragraph -->\n\n<!-- wp:paragraph -->\n<p><strong>M\u00e1s informaci\u00f3n<\/strong><\/p>\n<!-- \/wp:paragraph -->\n\n<!-- wp:list -->\n<ul><li>Publicaciones<\/li><li>ResearchGate<\/li><\/ul>\n<!-- \/wp:list -->\t<\/div>\n\n\t<div class='ewd-upcp-catalog-product-list-custom-fields'>\n\t\t\t<\/div>\n\n<\/div>\n\t\t\n\t\t\n\t\t\n\t\t\n\t<\/div>\n\n<\/div>\n<\/div>\n\t\t<div  class=\"ewd-upcp-catalog-view ewd-upcp-detail-view ewd-upcp-hidden ewd-upcp-thumbnail-four-columns\">\n\n\t<div id='ewd-upcp-catalog-product-detail-714'  class=\"ewd-upcp-catalog-product-div ewd-upcp-catalog-product-detail\" data-product_id='714'>\n\t\t\n\t<div class='ewd-upcp-catalog-product-detail-image-div'>\n\n\t\t\n\t\t\n\t\t\n\t\t<a class='ewd-upcp-catalog-product-image' href='https:\/\/pcyti.izt.uam.mx\/?page_id=758&amp;singleproduct=714' >\n\n\t<img decoding=\"async\" class=\"ewd-upcp-product-image\" src=\"https:\/\/pcyti.izt.uam.mx\/wp-content\/uploads\/ricardo-300x300.png\" alt=\"Dr. Ricardo Marcel\u00ed\u00adn Jim\u00e9nez-image\" \/>\n\t\n<\/a>\n\t<\/div>\n\n\t<div class='ewd-upcp-catalog-product-detail-mid-div'>\n\n\t\t\n\t\t<div class='ewd-upcp-product-title-div'>\n\n\t<a class='ewd-upcp-product-title' href='https:\/\/pcyti.izt.uam.mx\/?page_id=758&amp;singleproduct=714' >\n\n\t\tDr. Ricardo Marcel\u00ed\u00adn Jim\u00e9nez\t\n\t<\/a>\n\n<\/div>\n\t\t<div class='ewd-upcp-catalog-product-detail-body-div'>\n\n\t<div class='ewd-upcp-catalog-product-description'>\n\t\t<span class='ewd-upcp-catalog-product-read-more'>\n\n\t<a href='https:\/\/pcyti.izt.uam.mx\/?page_id=758&amp;singleproduct=714'>\n\n\t\tLeer m\u00e1s\n\t<\/a>\n\n<\/span>\t<\/div>\n\n<\/div>\n\t\t\n\t\t\n\t\t\n\t\t<div class='ewd-upcp-catalog-product-detail-custom-fields'>\n\n\t\t\t\t\n\t\t<\/div>\n\n\t<\/div>\n\n\t<div class='ewd-upcp-catalog-product-detail-end-div'>\n\n\t\t<div class='ewd-upcp-catalog-product-price' data-item_price=''>\n\n\t<span>\n\t\t\t<\/span>\n\n\t\n<\/div>\n\t\t\n\t<\/div>\n\n<\/div>\n<\/div>\n\t<\/div>\n\n\t\n<\/div>\n","protected":false},"excerpt":{"rendered":"<p>Navegaci\u00f3n: Planta acad\u00e9mica completa | N\u00facleo acad\u00e9mico b\u00e1sico | Comisi\u00f3n del posgrado | Coordinaci\u00f3n del posgrado | Colaboradores externos | Profesores en ret\u00edro<\/p>\n","protected":false},"author":2,"featured_media":0,"parent":0,"menu_order":0,"comment_status":"closed","ping_status":"closed","template":"page-fullwidth.php","meta":{"_lmt_disableupdate":"","_lmt_disable":"","footnotes":""},"class_list":["post-758","page","type-page","status-publish","hentry"],"yoast_head":"<!-- This site is optimized with the Yoast SEO plugin v27.2 - https:\/\/yoast.com\/product\/yoast-seo-wordpress\/ -->\n<title>Coordinaci\u00f3n del Posgrado - Posgrado en Ciencias y Tecnolog\u00edas de la Informaci\u00f3n<\/title>\n<meta name=\"robots\" content=\"index, follow, max-snippet:-1, max-image-preview:large, max-video-preview:-1\" \/>\n<link rel=\"canonical\" href=\"https:\/\/pcyti.izt.uam.mx\/?page_id=758\" \/>\n<meta property=\"og:locale\" content=\"es_MX\" \/>\n<meta property=\"og:type\" content=\"article\" \/>\n<meta property=\"og:title\" content=\"Coordinaci\u00f3n del Posgrado - Posgrado en Ciencias y Tecnolog\u00edas de la Informaci\u00f3n\" \/>\n<meta property=\"og:description\" content=\"Navegaci\u00f3n: Planta acad\u00e9mica completa | N\u00facleo acad\u00e9mico b\u00e1sico | Comisi\u00f3n del posgrado | Coordinaci\u00f3n del posgrado | Colaboradores externos | Profesores en ret\u00edro\" \/>\n<meta property=\"og:url\" content=\"https:\/\/pcyti.izt.uam.mx\/?page_id=758\" \/>\n<meta property=\"og:site_name\" content=\"Posgrado en Ciencias y Tecnolog\u00edas de la Informaci\u00f3n\" \/>\n<meta property=\"article:publisher\" content=\"https:\/\/www.facebook.com\/pcyti\/\" \/>\n<meta property=\"article:modified_time\" content=\"2022-06-16T19:55:13+00:00\" \/>\n<meta name=\"twitter:card\" content=\"summary_large_image\" \/>\n<script type=\"application\/ld+json\" class=\"yoast-schema-graph\">{\"@context\":\"https:\/\/schema.org\",\"@graph\":[{\"@type\":\"WebPage\",\"@id\":\"https:\/\/pcyti.izt.uam.mx\/?page_id=758\",\"url\":\"https:\/\/pcyti.izt.uam.mx\/?page_id=758\",\"name\":\"Coordinaci\u00f3n del Posgrado - Posgrado en Ciencias y Tecnolog\u00edas de la Informaci\u00f3n\",\"isPartOf\":{\"@id\":\"https:\/\/pcyti.izt.uam.mx\/#website\"},\"datePublished\":\"2022-06-08T01:37:25+00:00\",\"dateModified\":\"2022-06-16T19:55:13+00:00\",\"breadcrumb\":{\"@id\":\"https:\/\/pcyti.izt.uam.mx\/?page_id=758#breadcrumb\"},\"inLanguage\":\"es\",\"potentialAction\":[{\"@type\":\"ReadAction\",\"target\":[\"https:\/\/pcyti.izt.uam.mx\/?page_id=758\"]}]},{\"@type\":\"BreadcrumbList\",\"@id\":\"https:\/\/pcyti.izt.uam.mx\/?page_id=758#breadcrumb\",\"itemListElement\":[{\"@type\":\"ListItem\",\"position\":1,\"name\":\"Inicio\",\"item\":\"https:\/\/pcyti.izt.uam.mx\/\"},{\"@type\":\"ListItem\",\"position\":2,\"name\":\"Coordinaci\u00f3n del Posgrado\"}]},{\"@type\":\"WebSite\",\"@id\":\"https:\/\/pcyti.izt.uam.mx\/#website\",\"url\":\"https:\/\/pcyti.izt.uam.mx\/\",\"name\":\"Posgrado en Ciencias y Tecnolog\u00edas de la Informaci\u00f3n\",\"description\":\"\",\"publisher\":{\"@id\":\"https:\/\/pcyti.izt.uam.mx\/#organization\"},\"potentialAction\":[{\"@type\":\"SearchAction\",\"target\":{\"@type\":\"EntryPoint\",\"urlTemplate\":\"https:\/\/pcyti.izt.uam.mx\/?s={search_term_string}\"},\"query-input\":{\"@type\":\"PropertyValueSpecification\",\"valueRequired\":true,\"valueName\":\"search_term_string\"}}],\"inLanguage\":\"es\"},{\"@type\":\"Organization\",\"@id\":\"https:\/\/pcyti.izt.uam.mx\/#organization\",\"name\":\"Posgrado en Ciencias y Tecnolog\u00edas de la Informaci\u00f3n\",\"url\":\"https:\/\/pcyti.izt.uam.mx\/\",\"logo\":{\"@type\":\"ImageObject\",\"inLanguage\":\"es\",\"@id\":\"https:\/\/pcyti.izt.uam.mx\/#\/schema\/logo\/image\/\",\"url\":\"https:\/\/pcyti.izt.uam.mx\/wp-content\/uploads\/2021\/12\/logo_pcyti_small.png\",\"contentUrl\":\"https:\/\/pcyti.izt.uam.mx\/wp-content\/uploads\/2021\/12\/logo_pcyti_small.png\",\"width\":71,\"height\":100,\"caption\":\"Posgrado en Ciencias y Tecnolog\u00edas de la Informaci\u00f3n\"},\"image\":{\"@id\":\"https:\/\/pcyti.izt.uam.mx\/#\/schema\/logo\/image\/\"},\"sameAs\":[\"https:\/\/www.facebook.com\/pcyti\/\"]}]}<\/script>\n<!-- \/ Yoast SEO plugin. -->","yoast_head_json":{"title":"Coordinaci\u00f3n del Posgrado - Posgrado en Ciencias y Tecnolog\u00edas de la Informaci\u00f3n","robots":{"index":"index","follow":"follow","max-snippet":"max-snippet:-1","max-image-preview":"max-image-preview:large","max-video-preview":"max-video-preview:-1"},"canonical":"https:\/\/pcyti.izt.uam.mx\/?page_id=758","og_locale":"es_MX","og_type":"article","og_title":"Coordinaci\u00f3n del Posgrado - Posgrado en Ciencias y Tecnolog\u00edas de la Informaci\u00f3n","og_description":"Navegaci\u00f3n: Planta acad\u00e9mica completa | N\u00facleo acad\u00e9mico b\u00e1sico | Comisi\u00f3n del posgrado | Coordinaci\u00f3n del posgrado | Colaboradores externos | Profesores en ret\u00edro","og_url":"https:\/\/pcyti.izt.uam.mx\/?page_id=758","og_site_name":"Posgrado en Ciencias y Tecnolog\u00edas de la Informaci\u00f3n","article_publisher":"https:\/\/www.facebook.com\/pcyti\/","article_modified_time":"2022-06-16T19:55:13+00:00","twitter_card":"summary_large_image","schema":{"@context":"https:\/\/schema.org","@graph":[{"@type":"WebPage","@id":"https:\/\/pcyti.izt.uam.mx\/?page_id=758","url":"https:\/\/pcyti.izt.uam.mx\/?page_id=758","name":"Coordinaci\u00f3n del Posgrado - Posgrado en Ciencias y Tecnolog\u00edas de la Informaci\u00f3n","isPartOf":{"@id":"https:\/\/pcyti.izt.uam.mx\/#website"},"datePublished":"2022-06-08T01:37:25+00:00","dateModified":"2022-06-16T19:55:13+00:00","breadcrumb":{"@id":"https:\/\/pcyti.izt.uam.mx\/?page_id=758#breadcrumb"},"inLanguage":"es","potentialAction":[{"@type":"ReadAction","target":["https:\/\/pcyti.izt.uam.mx\/?page_id=758"]}]},{"@type":"BreadcrumbList","@id":"https:\/\/pcyti.izt.uam.mx\/?page_id=758#breadcrumb","itemListElement":[{"@type":"ListItem","position":1,"name":"Inicio","item":"https:\/\/pcyti.izt.uam.mx\/"},{"@type":"ListItem","position":2,"name":"Coordinaci\u00f3n del Posgrado"}]},{"@type":"WebSite","@id":"https:\/\/pcyti.izt.uam.mx\/#website","url":"https:\/\/pcyti.izt.uam.mx\/","name":"Posgrado en Ciencias y Tecnolog\u00edas de la Informaci\u00f3n","description":"","publisher":{"@id":"https:\/\/pcyti.izt.uam.mx\/#organization"},"potentialAction":[{"@type":"SearchAction","target":{"@type":"EntryPoint","urlTemplate":"https:\/\/pcyti.izt.uam.mx\/?s={search_term_string}"},"query-input":{"@type":"PropertyValueSpecification","valueRequired":true,"valueName":"search_term_string"}}],"inLanguage":"es"},{"@type":"Organization","@id":"https:\/\/pcyti.izt.uam.mx\/#organization","name":"Posgrado en Ciencias y Tecnolog\u00edas de la Informaci\u00f3n","url":"https:\/\/pcyti.izt.uam.mx\/","logo":{"@type":"ImageObject","inLanguage":"es","@id":"https:\/\/pcyti.izt.uam.mx\/#\/schema\/logo\/image\/","url":"https:\/\/pcyti.izt.uam.mx\/wp-content\/uploads\/2021\/12\/logo_pcyti_small.png","contentUrl":"https:\/\/pcyti.izt.uam.mx\/wp-content\/uploads\/2021\/12\/logo_pcyti_small.png","width":71,"height":100,"caption":"Posgrado en Ciencias y Tecnolog\u00edas de la Informaci\u00f3n"},"image":{"@id":"https:\/\/pcyti.izt.uam.mx\/#\/schema\/logo\/image\/"},"sameAs":["https:\/\/www.facebook.com\/pcyti\/"]}]}},"_links":{"self":[{"href":"https:\/\/pcyti.izt.uam.mx\/index.php?rest_route=\/wp\/v2\/pages\/758","targetHints":{"allow":["GET"]}}],"collection":[{"href":"https:\/\/pcyti.izt.uam.mx\/index.php?rest_route=\/wp\/v2\/pages"}],"about":[{"href":"https:\/\/pcyti.izt.uam.mx\/index.php?rest_route=\/wp\/v2\/types\/page"}],"author":[{"embeddable":true,"href":"https:\/\/pcyti.izt.uam.mx\/index.php?rest_route=\/wp\/v2\/users\/2"}],"replies":[{"embeddable":true,"href":"https:\/\/pcyti.izt.uam.mx\/index.php?rest_route=%2Fwp%2Fv2%2Fcomments&post=758"}],"version-history":[{"count":0,"href":"https:\/\/pcyti.izt.uam.mx\/index.php?rest_route=\/wp\/v2\/pages\/758\/revisions"}],"wp:attachment":[{"href":"https:\/\/pcyti.izt.uam.mx\/index.php?rest_route=%2Fwp%2Fv2%2Fmedia&parent=758"}],"curies":[{"name":"wp","href":"https:\/\/api.w.org\/{rel}","templated":true}]}}